{"id":245,"date":"2014-09-19T10:00:06","date_gmt":"2014-09-19T09:00:06","guid":{"rendered":"http:\/\/inforef.be\/exterieurs\/formeduc_wp\/?page_id=245"},"modified":"2015-01-04T20:10:55","modified_gmt":"2015-01-04T19:10:55","slug":"participer-a-formeduc","status":"publish","type":"page","link":"https:\/\/formeduc.be\/?page_id=245","title":{"rendered":"Participer \u00e0 Form&rsquo;\u00e9duc"},"content":{"rendered":"<p>L\u2019adh\u00e9sion \u00e0 Form\u2019\u00e9duc se fait sur simple demande pour autant que le futur adh\u00e9rent \u00a0soit \u00a0un \u00a0formateur \u00a0d\u2019\u00e9ducateurs \u00a0sp\u00e9cialis\u00e9s \u00a0en \u00a0accompagnement psycho-\u00e9ducatif \u00a0(ou \u00a0un \u00a0membre \u00a0de \u00a0l\u2019\u00e9quipe \u00a0de \u00a0direction \u00a0impliqu\u00e9 \u00a0dans \u00a0la formation des \u00e9ducateurs sp\u00e9cialis\u00e9s en accompagnement psycho-\u00e9ducatif).<\/p>\n<p>L\u2019adh\u00e9sion peut se faire \u00e0 titre \u00ab institutionnel \u00bb : une \u00e9cole adh\u00e9rente mandate alors un repr\u00e9sentant. Elle peut \u00e9galement avoir lieu \u00e0 titre \u00ab individuel \u00bb.<\/p>\n<p>La personne impliqu\u00e9e dans la formation des \u00e9ducateurs sp\u00e9cialis\u00e9s qui d\u00e9sire devenir \u00a0membre de Form\u2019\u00e9duc \u00a0prend contact \u00a0avec \u00a0un membre effectif, \u00a0soit directement, \u00a0soit \u00a0via \u00a0le \u00a0site. \u00a0Elle \u00a0prend \u00a0connaissance \u00a0de \u00a0la \u00a0\u00ab Convention d\u2019adh\u00e9sion \u00bb.<\/p>\n<p>Elle peut participer directement aux GT et doit venir \u00e0 l\u2019Assembl\u00e9e pl\u00e9ni\u00e8re qui suit \u00a0sa prise de contact pour pr\u00e9senter les raisons qui \u00a0l\u2019am\u00e8nent \u00e0 poser sa candidature. Sauf avis contraire de l\u2019Assembl\u00e9e G\u00e9n\u00e9rale, le candidat est alors membre de Form\u2019\u00e9duc.<\/p>\n<p>D\u00e8s \u00a0son \u00a0adh\u00e9sion, \u00a0le \u00a0nouveau \u00a0membre \u00a0signe \u00a0la \u00a0pr\u00e9sente \u00a0\u00ab Convention d\u2019adh\u00e9sion \u00bb \u00a0et \u00a0s\u2019engage \u00a0d\u00e8s \u00a0lors \u00a0\u00e0 \u00a0participer \u00a0au \u00a0mode \u00a0de \u00a0fonctionnement d\u00e9crit \u00a0dans l\u2019article 3 et en particulier \u00e0 participer de mani\u00e8re r\u00e9guli\u00e8re aux activit\u00e9s auxquelles il est inscrit (GT et Assembl\u00e9e Pl\u00e9ni\u00e8re).<\/p>\n","protected":false},"excerpt":{"rendered":"<p>L\u2019adh\u00e9sion \u00e0 Form\u2019\u00e9duc se fait sur simple demande pour autant que le futur adh\u00e9rent \u00a0soit \u00a0un \u00a0formateur \u00a0d\u2019\u00e9ducateurs \u00a0sp\u00e9cialis\u00e9s \u00a0en \u00a0accompagnement psycho-\u00e9ducatif \u00a0(ou \u00a0un \u00a0membre \u00a0de \u00a0l\u2019\u00e9quipe \u00a0de \u00a0direction \u00a0impliqu\u00e9 \u00a0dans \u00a0la formation des \u00e9ducateurs sp\u00e9cialis\u00e9s en accompagnement psycho-\u00e9ducatif). L\u2019adh\u00e9sion peut se faire \u00e0 titre \u00ab institutionnel \u00bb : une \u00e9cole adh\u00e9rente mandate alors un &hellip; <a href=\"https:\/\/formeduc.be\/?page_id=245\" class=\"more-link\">Continuer la lecture de <span class=\"screen-reader-text\">Participer \u00e0 Form&rsquo;\u00e9duc<\/span><\/a><\/p>\n","protected":false},"author":1,"featured_media":0,"parent":2,"menu_order":0,"comment_status":"closed","ping_status":"closed","template":"","meta":{"footnotes":""},"class_list":["post-245","page","type-page","status-publish","hentry"],"_links":{"self":[{"href":"https:\/\/formeduc.be\/index.php?rest_route=\/wp\/v2\/pages\/245","targetHints":{"allow":["GET"]}}],"collection":[{"href":"https:\/\/formeduc.be\/index.php?rest_route=\/wp\/v2\/pages"}],"about":[{"href":"https:\/\/formeduc.be\/index.php?rest_route=\/wp\/v2\/types\/page"}],"author":[{"embeddable":true,"href":"https:\/\/formeduc.be\/index.php?rest_route=\/wp\/v2\/users\/1"}],"replies":[{"embeddable":true,"href":"https:\/\/formeduc.be\/index.php?rest_route=%2Fwp%2Fv2%2Fcomments&post=245"}],"version-history":[{"count":3,"href":"https:\/\/formeduc.be\/index.php?rest_route=\/wp\/v2\/pages\/245\/revisions"}],"predecessor-version":[{"id":354,"href":"https:\/\/formeduc.be\/index.php?rest_route=\/wp\/v2\/pages\/245\/revisions\/354"}],"up":[{"embeddable":true,"href":"https:\/\/formeduc.be\/index.php?rest_route=\/wp\/v2\/pages\/2"}],"wp:attachment":[{"href":"https:\/\/formeduc.be\/index.php?rest_route=%2Fwp%2Fv2%2Fmedia&parent=245"}],"curies":[{"name":"wp","href":"https:\/\/api.w.org\/{rel}","templated":true}]}}